{"id":2282,"date":"2026-03-09T13:18:53","date_gmt":"2026-03-09T13:18:53","guid":{"rendered":"https:\/\/studiesenterkysten.no\/?page_id=2282"},"modified":"2026-03-25T07:26:06","modified_gmt":"2026-03-25T07:26:06","slug":"kurs-og-utdanningar-2","status":"publish","type":"page","link":"https:\/\/studiesenterkysten.no\/index.php\/kurs-og-utdanningar-2\/","title":{"rendered":"Kurs og utdanningar, nytt oppsett 26"},"content":{"rendered":"\t\t<div data-elementor-type=\"wp-page\" data-elementor-id=\"2282\" class=\"elementor elementor-2282\" data-elementor-settings=\"{&quot;ha_cmc_init_switcher&quot;:&quot;no&quot;}\">\n\t\t\t\t<div class=\"elementor-element elementor-element-5e5918d e-flex e-con-boxed e-con e-parent\" data-id=\"5e5918d\" data-element_type=\"container\" data-e-type=\"container\" data-settings=\"{&quot;_ha_eqh_enable&quot;:false}\">\n\t\t\t\t\t<div class=\"e-con-inner\">\n\t\t\t\t<div class=\"elementor-element elementor-element-64b9c3f elementor-widget elementor-widget-heading\" data-id=\"64b9c3f\" data-element_type=\"widget\" data-e-type=\"widget\" data-widget_type=\"heading.default\">\n\t\t\t\t<div class=\"elementor-widget-container\">\n\t\t\t\t\t<h2 class=\"elementor-heading-title elementor-size-default\">Aktuelle kurs og utdanningar<\/h2>\t\t\t\t<\/div>\n\t\t\t\t<\/div>\n\t\t\t\t<div class=\"elementor-element elementor-element-0df0729 elementor-widget elementor-widget-mgposts_carousel\" data-id=\"0df0729\" data-element_type=\"widget\" data-e-type=\"widget\" data-settings=\"{&quot;mgpcar_autoplay_delay&quot;:5000,&quot;mgpcar_posts_number&quot;:3,&quot;mgpcar_autoplay&quot;:&quot;yes&quot;,&quot;mgpcar_autoplay_speed&quot;:500,&quot;mgpcar_loop&quot;:&quot;yes&quot;,&quot;mgpcar_auto_height&quot;:&quot;yes&quot;,&quot;mgpcar_grab_cursor&quot;:&quot;yes&quot;}\" data-widget_type=\"mgposts_carousel.default\">\n\t\t\t\t<div class=\"elementor-widget-container\">\n\t\t\t\t\t\r\n        <div  class=\"mgp-unique6192022 mgproductd-grid \">\r\n                        \r\n                <div id=\"mgpdeg-items\" class=\"mgproductd mgpde-items style1\">\r\n                    <div class=\"mgproductd mgpc-pcarousel swiper swiper-container\" data-loop=\"yes\" data-number=\"3\" data-margin=\"30\" data-direction=\"horizontal\" data-autoplay=\"yes\" data-auto-delay=\"5000\" data-speed=\"500\" data-auto-height=\"yes\" data-grab-cursor=\"yes\" data-nav=\"\" data-dots=\"yes\" data-marquee=\"\" data-marquee-speed=\"5\" data-marquee-direction=\"left\" data-marquee-pause=\"yes\">\r\n                        <div class=\"swiper-wrapper\">\r\n                                                            <div class=\"swiper-slide no-load\">\r\n                                            <div class=\"mgp-card mg-card mg-shadow mgp-card mgp-mb-4\">\r\n                        <div class=\"mp-post-img mp-card-img\">\r\n                <figure>\r\n                    <img fetchpriority=\"high\" decoding=\"async\" width=\"768\" height=\"644\" src=\"https:\/\/studiesenterkysten.no\/wp-content\/uploads\/2026\/04\/STYREDAGAR-5-768x644.png\" class=\"attachment-medium_large size-medium_large wp-post-image\" alt=\"\" srcset=\"https:\/\/studiesenterkysten.no\/wp-content\/uploads\/2026\/04\/STYREDAGAR-5-768x644.png 768w, https:\/\/studiesenterkysten.no\/wp-content\/uploads\/2026\/04\/STYREDAGAR-5-300x251.png 300w, https:\/\/studiesenterkysten.no\/wp-content\/uploads\/2026\/04\/STYREDAGAR-5-1024x858.png 1024w, https:\/\/studiesenterkysten.no\/wp-content\/uploads\/2026\/04\/STYREDAGAR-5-1536x1288.png 1536w, https:\/\/studiesenterkysten.no\/wp-content\/uploads\/2026\/04\/STYREDAGAR-5-2048x1717.png 2048w\" sizes=\"(max-width: 768px) 100vw, 768px\" \/>                <\/figure>\r\n            <\/div>\r\n                    <div class=\"mg-card-text mgp-card-body\">\r\n                            <div class=\"mppost-cats mpcat-one mp-post-cat\">\r\n\r\n                <i class=\"icon-mp-folder-oe\"><\/i> <a href=\"https:\/\/studiesenterkysten.no\/index.php\/category\/aktuelle-utdanningar\/\">Aktuelle utdanningar<\/a>            <\/div>\r\n        \r\n                            <a class=\"mpp-title-link mp-post-title\" href=\"https:\/\/studiesenterkysten.no\/index.php\/2026\/04\/29\/kurs-i-merkevare-og-marknadsforing\/\">\r\n                <h4 class=\"mgp-ptitle\">Kurs i merkevare og marknadsf\u00f8ring<\/h4>            <\/a>\r\n                                <div class=\"mp-meta bottom-meta mgp-mb-2\">\r\n            <span class=\"byline\"> <i class=\"icon-mp-user-c\"><\/i> <span class=\"author vcard\"><a class=\"url fn n\" href=\"https:\/\/studiesenterkysten.no\/author\/andrea\/\">andrea<\/a><\/span><\/span><span class=\"mp-posts-date\"><i class=\"icon-mp-clock\"><\/i> april 29, 2026<\/span>        <\/div>\r\n                                        <p>Vil du l\u00e6re meir om kva som faktisk funkar i marknadsf\u00f8ring?\u00a0No kan du l\u00e6re korleis du jobbar meir strategisk med...<\/p>\r\n                \r\n\r\n                \r\n                    <a href=\"https:\/\/studiesenterkysten.no\/index.php\/2026\/04\/29\/kurs-i-merkevare-og-marknadsforing\/\" target=\"_self\" class=\"mp-post-btn link1\">Read More<\/a>\r\n        \r\n\r\n                <\/div>\r\n\r\n        <\/div>\r\n                                <\/div>\r\n                                                            <div class=\"swiper-slide no-load\">\r\n                                            <div class=\"mgp-card mg-card mg-shadow mgp-card mgp-mb-4\">\r\n                        <div class=\"mp-post-img mp-card-img\">\r\n                <figure>\r\n                    <img decoding=\"async\" width=\"768\" height=\"644\" src=\"https:\/\/studiesenterkysten.no\/wp-content\/uploads\/2026\/03\/Prekval.-komprimert-768x644.png\" class=\"attachment-medium_large size-medium_large wp-post-image\" alt=\"\" srcset=\"https:\/\/studiesenterkysten.no\/wp-content\/uploads\/2026\/03\/Prekval.-komprimert-768x644.png 768w, https:\/\/studiesenterkysten.no\/wp-content\/uploads\/2026\/03\/Prekval.-komprimert-300x251.png 300w, https:\/\/studiesenterkysten.no\/wp-content\/uploads\/2026\/03\/Prekval.-komprimert-1024x858.png 1024w, https:\/\/studiesenterkysten.no\/wp-content\/uploads\/2026\/03\/Prekval.-komprimert-1536x1288.png 1536w, https:\/\/studiesenterkysten.no\/wp-content\/uploads\/2026\/03\/Prekval.-komprimert-2048x1717.png 2048w\" sizes=\"(max-width: 768px) 100vw, 768px\" \/>                <\/figure>\r\n            <\/div>\r\n                    <div class=\"mg-card-text mgp-card-body\">\r\n                            <div class=\"mppost-cats mpcat-one mp-post-cat\">\r\n\r\n                <i class=\"icon-mp-folder-oe\"><\/i> <a href=\"https:\/\/studiesenterkysten.no\/index.php\/category\/studiesenter-kysten\/\">Studiesenter Kysten<\/a>            <\/div>\r\n        \r\n                            <a class=\"mpp-title-link mp-post-title\" href=\"https:\/\/studiesenterkysten.no\/index.php\/2026\/03\/11\/prekvalifisering-til-sjukepleiarutdanninga\/\">\r\n                <h4 class=\"mgp-ptitle\">Prekvalifisering til sjukepleiarutdanninga<\/h4>            <\/a>\r\n                                <div class=\"mp-meta bottom-meta mgp-mb-2\">\r\n            <span class=\"byline\"> <i class=\"icon-mp-user-c\"><\/i> <span class=\"author vcard\"><a class=\"url fn n\" href=\"https:\/\/studiesenterkysten.no\/author\/andrea\/\">andrea<\/a><\/span><\/span><span class=\"mp-posts-date\"><i class=\"icon-mp-clock\"><\/i> mars 11, 2026<\/span>        <\/div>\r\n                                        <p>Har du eller nokon av dine kollegaer tenkt p\u00e5 sjukepleiarutdanninga, men tenkt at du manglar fleire av krava til opptak?D\u00e5...<\/p>\r\n                \r\n\r\n                \r\n                    <a href=\"https:\/\/studiesenterkysten.no\/index.php\/2026\/03\/11\/prekvalifisering-til-sjukepleiarutdanninga\/\" target=\"_self\" class=\"mp-post-btn link1\">Read More<\/a>\r\n        \r\n\r\n                <\/div>\r\n\r\n        <\/div>\r\n                                <\/div>\r\n                                                            <div class=\"swiper-slide no-load\">\r\n                                            <div class=\"mgp-card mg-card mg-shadow mgp-card mgp-mb-4\">\r\n                        <div class=\"mp-post-img mp-card-img\">\r\n                <figure>\r\n                    <img decoding=\"async\" width=\"768\" height=\"644\" src=\"https:\/\/studiesenterkysten.no\/wp-content\/uploads\/2026\/01\/Malretta-bruk-av-KI-SK-768x644.png\" class=\"attachment-medium_large size-medium_large wp-post-image\" alt=\"\" srcset=\"https:\/\/studiesenterkysten.no\/wp-content\/uploads\/2026\/01\/Malretta-bruk-av-KI-SK-768x644.png 768w, https:\/\/studiesenterkysten.no\/wp-content\/uploads\/2026\/01\/Malretta-bruk-av-KI-SK-300x251.png 300w, https:\/\/studiesenterkysten.no\/wp-content\/uploads\/2026\/01\/Malretta-bruk-av-KI-SK-1024x858.png 1024w, https:\/\/studiesenterkysten.no\/wp-content\/uploads\/2026\/01\/Malretta-bruk-av-KI-SK-1536x1288.png 1536w, https:\/\/studiesenterkysten.no\/wp-content\/uploads\/2026\/01\/Malretta-bruk-av-KI-SK-2048x1717.png 2048w\" sizes=\"(max-width: 768px) 100vw, 768px\" \/>                <\/figure>\r\n            <\/div>\r\n                    <div class=\"mg-card-text mgp-card-body\">\r\n                            <div class=\"mppost-cats mpcat-one mp-post-cat\">\r\n\r\n                <i class=\"icon-mp-folder-oe\"><\/i> <a href=\"https:\/\/studiesenterkysten.no\/index.php\/category\/studiesenter-kysten\/\">Studiesenter Kysten<\/a>            <\/div>\r\n        \r\n                            <a class=\"mpp-title-link mp-post-title\" href=\"https:\/\/studiesenterkysten.no\/index.php\/2026\/01\/13\/fagskulen-med-gratis-ki-kurs-i-floro-malretta-bruk-av-ki\/\">\r\n                <h4 class=\"mgp-ptitle\">Fagskulen med gratis KI kurs&hellip;<\/h4>            <\/a>\r\n                                <div class=\"mp-meta bottom-meta mgp-mb-2\">\r\n            <span class=\"byline\"> <i class=\"icon-mp-user-c\"><\/i> <span class=\"author vcard\"><a class=\"url fn n\" href=\"https:\/\/studiesenterkysten.no\/author\/andrea\/\">andrea<\/a><\/span><\/span><span class=\"mp-posts-date\"><i class=\"icon-mp-clock\"><\/i> januar 13, 2026<\/span>        <\/div>\r\n                                        <p>Kunstig Intelligens (KI) opnar for store moglegheiter for n\u00e6ringslivet, men korleis vurderer du kva l\u00f8ysingar som faktisk passar for di...<\/p>\r\n                \r\n\r\n                \r\n                    <a href=\"https:\/\/studiesenterkysten.no\/index.php\/2026\/01\/13\/fagskulen-med-gratis-ki-kurs-i-floro-malretta-bruk-av-ki\/\" target=\"_self\" class=\"mp-post-btn link1\">Read More<\/a>\r\n        \r\n\r\n                <\/div>\r\n\r\n        <\/div>\r\n                                <\/div>\r\n                                                            <div class=\"swiper-slide no-load\">\r\n                                            <div class=\"mgp-card mg-card mg-shadow mgp-card mgp-mb-4\">\r\n                        <div class=\"mp-post-img mp-card-img\">\r\n                <figure>\r\n                    <img loading=\"lazy\" decoding=\"async\" width=\"768\" height=\"644\" src=\"https:\/\/studiesenterkysten.no\/wp-content\/uploads\/2026\/01\/Fantastiske-data-SK-768x644.png\" class=\"attachment-medium_large size-medium_large wp-post-image\" alt=\"\" srcset=\"https:\/\/studiesenterkysten.no\/wp-content\/uploads\/2026\/01\/Fantastiske-data-SK-768x644.png 768w, https:\/\/studiesenterkysten.no\/wp-content\/uploads\/2026\/01\/Fantastiske-data-SK-300x251.png 300w, https:\/\/studiesenterkysten.no\/wp-content\/uploads\/2026\/01\/Fantastiske-data-SK-1024x858.png 1024w, https:\/\/studiesenterkysten.no\/wp-content\/uploads\/2026\/01\/Fantastiske-data-SK-1536x1288.png 1536w, https:\/\/studiesenterkysten.no\/wp-content\/uploads\/2026\/01\/Fantastiske-data-SK-2048x1717.png 2048w\" sizes=\"(max-width: 768px) 100vw, 768px\" \/>                <\/figure>\r\n            <\/div>\r\n                    <div class=\"mg-card-text mgp-card-body\">\r\n                            <div class=\"mppost-cats mpcat-one mp-post-cat\">\r\n\r\n                <i class=\"icon-mp-folder-oe\"><\/i> <a href=\"https:\/\/studiesenterkysten.no\/index.php\/category\/studiesenter-kysten\/\">Studiesenter Kysten<\/a>            <\/div>\r\n        \r\n                            <a class=\"mpp-title-link mp-post-title\" href=\"https:\/\/studiesenterkysten.no\/index.php\/2025\/11\/25\/uib-tilbyr-fantastiske-data-eit-gratis-heildigitalt-kurs-om-data-og-digitalisering\/\">\r\n                <h4 class=\"mgp-ptitle\">UiB tilbyr &laquo;Fantastiske Data&raquo; &#8211;&hellip;<\/h4>            <\/a>\r\n                                <div class=\"mp-meta bottom-meta mgp-mb-2\">\r\n            <span class=\"byline\"> <i class=\"icon-mp-user-c\"><\/i> <span class=\"author vcard\"><a class=\"url fn n\" href=\"https:\/\/studiesenterkysten.no\/author\/andrea\/\">andrea<\/a><\/span><\/span><span class=\"mp-posts-date\"><i class=\"icon-mp-clock\"><\/i> november 25, 2025<\/span>        <\/div>\r\n                                        <p>Digitalisering er ikkje berre for dei store akt\u00f8rane. Med rett kunnskap kan sm\u00e5 og mellomstore verksemder bruke data til \u00e5...<\/p>\r\n                \r\n\r\n                \r\n                    <a href=\"https:\/\/studiesenterkysten.no\/index.php\/2025\/11\/25\/uib-tilbyr-fantastiske-data-eit-gratis-heildigitalt-kurs-om-data-og-digitalisering\/\" target=\"_self\" class=\"mp-post-btn link1\">Read More<\/a>\r\n        \r\n\r\n                <\/div>\r\n\r\n        <\/div>\r\n                                <\/div>\r\n                                                            <div class=\"swiper-slide no-load\">\r\n                                            <div class=\"mgp-card mg-card mg-shadow mgp-card mgp-mb-4\">\r\n                        <div class=\"mp-post-img mp-card-img\">\r\n                <figure>\r\n                    <img loading=\"lazy\" decoding=\"async\" width=\"768\" height=\"644\" src=\"https:\/\/studiesenterkysten.no\/wp-content\/uploads\/2026\/01\/To-kurs-innan-berekraft-SK-768x644.png\" class=\"attachment-medium_large size-medium_large wp-post-image\" alt=\"\" srcset=\"https:\/\/studiesenterkysten.no\/wp-content\/uploads\/2026\/01\/To-kurs-innan-berekraft-SK-768x644.png 768w, https:\/\/studiesenterkysten.no\/wp-content\/uploads\/2026\/01\/To-kurs-innan-berekraft-SK-300x251.png 300w, https:\/\/studiesenterkysten.no\/wp-content\/uploads\/2026\/01\/To-kurs-innan-berekraft-SK-1024x858.png 1024w, https:\/\/studiesenterkysten.no\/wp-content\/uploads\/2026\/01\/To-kurs-innan-berekraft-SK-1536x1288.png 1536w, https:\/\/studiesenterkysten.no\/wp-content\/uploads\/2026\/01\/To-kurs-innan-berekraft-SK-2048x1717.png 2048w\" sizes=\"(max-width: 768px) 100vw, 768px\" \/>                <\/figure>\r\n            <\/div>\r\n                    <div class=\"mg-card-text mgp-card-body\">\r\n                            <div class=\"mppost-cats mpcat-one mp-post-cat\">\r\n\r\n                <i class=\"icon-mp-folder-oe\"><\/i> <a href=\"https:\/\/studiesenterkysten.no\/index.php\/category\/aktuelle-utdanningar\/\">Aktuelle utdanningar<\/a>            <\/div>\r\n        \r\n                            <a class=\"mpp-title-link mp-post-title\" href=\"https:\/\/studiesenterkysten.no\/index.php\/2025\/11\/13\/hvl-tilbyr-to-heildigitale-emne-innan-berekraft\/\">\r\n                <h4 class=\"mgp-ptitle\">HVL tilbyr to heildigitale emne&hellip;<\/h4>            <\/a>\r\n                                <div class=\"mp-meta bottom-meta mgp-mb-2\">\r\n            <span class=\"byline\"> <i class=\"icon-mp-user-c\"><\/i> <span class=\"author vcard\"><a class=\"url fn n\" href=\"https:\/\/studiesenterkysten.no\/author\/andrea\/\">andrea<\/a><\/span><\/span><span class=\"mp-posts-date\"><i class=\"icon-mp-clock\"><\/i> november 13, 2025<\/span>        <\/div>\r\n                                        <p>Studiesenter Kysten har vore med og gjeve innspel til HVL si utvikling av to kurs innan berekraft.Med st\u00f8nad fr\u00e5 Vestland...<\/p>\r\n                \r\n\r\n                \r\n                    <a href=\"https:\/\/studiesenterkysten.no\/index.php\/2025\/11\/13\/hvl-tilbyr-to-heildigitale-emne-innan-berekraft\/\" target=\"_self\" class=\"mp-post-btn link1\">Read More<\/a>\r\n        \r\n\r\n                <\/div>\r\n\r\n        <\/div>\r\n                                <\/div>\r\n                                                            <div class=\"swiper-slide no-load\">\r\n                                            <div class=\"mgp-card mg-card mg-shadow mgp-card mgp-mb-4\">\r\n                        <div class=\"mp-post-img mp-card-img\">\r\n                <figure>\r\n                    <img loading=\"lazy\" decoding=\"async\" width=\"768\" height=\"644\" src=\"https:\/\/studiesenterkysten.no\/wp-content\/uploads\/2025\/11\/Data-Engineering-SK-768x644.png\" class=\"attachment-medium_large size-medium_large wp-post-image\" alt=\"\" srcset=\"https:\/\/studiesenterkysten.no\/wp-content\/uploads\/2025\/11\/Data-Engineering-SK-768x644.png 768w, https:\/\/studiesenterkysten.no\/wp-content\/uploads\/2025\/11\/Data-Engineering-SK-300x251.png 300w, https:\/\/studiesenterkysten.no\/wp-content\/uploads\/2025\/11\/Data-Engineering-SK-1024x858.png 1024w, https:\/\/studiesenterkysten.no\/wp-content\/uploads\/2025\/11\/Data-Engineering-SK-1536x1288.png 1536w, https:\/\/studiesenterkysten.no\/wp-content\/uploads\/2025\/11\/Data-Engineering-SK-2048x1717.png 2048w\" sizes=\"(max-width: 768px) 100vw, 768px\" \/>                <\/figure>\r\n            <\/div>\r\n                    <div class=\"mg-card-text mgp-card-body\">\r\n                            <div class=\"mppost-cats mpcat-one mp-post-cat\">\r\n\r\n                <i class=\"icon-mp-folder-oe\"><\/i> <a href=\"https:\/\/studiesenterkysten.no\/index.php\/category\/aktuelle-utdanningar\/\">Aktuelle utdanningar<\/a>            <\/div>\r\n        \r\n                            <a class=\"mpp-title-link mp-post-title\" href=\"https:\/\/studiesenterkysten.no\/index.php\/2025\/11\/13\/nytt-gratis-vidareutdanningskurs-innan-programmering-og-kunstig-intelligens-ki-fra-hvl\/\">\r\n                <h4 class=\"mgp-ptitle\">Nytt gratis vidareutdanningskurs innan programmering&hellip;<\/h4>            <\/a>\r\n                                <div class=\"mp-meta bottom-meta mgp-mb-2\">\r\n            <span class=\"byline\"> <i class=\"icon-mp-user-c\"><\/i> <span class=\"author vcard\"><a class=\"url fn n\" href=\"https:\/\/studiesenterkysten.no\/author\/andrea\/\">andrea<\/a><\/span><\/span><span class=\"mp-posts-date\"><i class=\"icon-mp-clock\"><\/i> november 13, 2025<\/span>        <\/div>\r\n                                        <p>Har du eller dine tilsette behov for kompetanseheving eller anna fagleg p\u00e5fyll innan programmering og\/eller kunstig intelligens (KI)? Tilsette med...<\/p>\r\n                \r\n\r\n                \r\n                    <a href=\"https:\/\/studiesenterkysten.no\/index.php\/2025\/11\/13\/nytt-gratis-vidareutdanningskurs-innan-programmering-og-kunstig-intelligens-ki-fra-hvl\/\" target=\"_self\" class=\"mp-post-btn link1\">Read More<\/a>\r\n        \r\n\r\n                <\/div>\r\n\r\n        <\/div>\r\n                                <\/div>\r\n                                                            <div class=\"swiper-slide no-load\">\r\n                                            <div class=\"mgp-card mg-card mg-shadow mgp-card mgp-mb-4\">\r\n                        <div class=\"mp-post-img mp-card-img\">\r\n                <figure>\r\n                    <img loading=\"lazy\" decoding=\"async\" width=\"768\" height=\"644\" src=\"https:\/\/studiesenterkysten.no\/wp-content\/uploads\/2025\/11\/Fornybare-energiressursar-SK-768x644.png\" class=\"attachment-medium_large size-medium_large wp-post-image\" alt=\"\" srcset=\"https:\/\/studiesenterkysten.no\/wp-content\/uploads\/2025\/11\/Fornybare-energiressursar-SK-768x644.png 768w, https:\/\/studiesenterkysten.no\/wp-content\/uploads\/2025\/11\/Fornybare-energiressursar-SK-300x251.png 300w, https:\/\/studiesenterkysten.no\/wp-content\/uploads\/2025\/11\/Fornybare-energiressursar-SK-1024x858.png 1024w, https:\/\/studiesenterkysten.no\/wp-content\/uploads\/2025\/11\/Fornybare-energiressursar-SK-1536x1288.png 1536w, https:\/\/studiesenterkysten.no\/wp-content\/uploads\/2025\/11\/Fornybare-energiressursar-SK-2048x1717.png 2048w\" sizes=\"(max-width: 768px) 100vw, 768px\" \/>                <\/figure>\r\n            <\/div>\r\n                    <div class=\"mg-card-text mgp-card-body\">\r\n                            <div class=\"mppost-cats mpcat-one mp-post-cat\">\r\n\r\n                <i class=\"icon-mp-folder-oe\"><\/i> <a href=\"https:\/\/studiesenterkysten.no\/index.php\/category\/studiesenter-kysten\/\">Studiesenter Kysten<\/a>            <\/div>\r\n        \r\n                            <a class=\"mpp-title-link mp-post-title\" href=\"https:\/\/studiesenterkysten.no\/index.php\/2025\/11\/03\/nettbasert-vidareutdanning-i-fornybare-energiressursar-og-energisystem\/\">\r\n                <h4 class=\"mgp-ptitle\">Nettbasert vidareutdanning i fornybare energiressursar&hellip;<\/h4>            <\/a>\r\n                                <div class=\"mp-meta bottom-meta mgp-mb-2\">\r\n            <span class=\"byline\"> <i class=\"icon-mp-user-c\"><\/i> <span class=\"author vcard\"><a class=\"url fn n\" href=\"https:\/\/studiesenterkysten.no\/author\/andrea\/\">andrea<\/a><\/span><\/span><span class=\"mp-posts-date\"><i class=\"icon-mp-clock\"><\/i> november 3, 2025<\/span>        <\/div>\r\n                                        <p>Dette er eit deltidsstudium ved Universitetet i Bergen (10 studiepoeng) som startar v\u00e5ren 2026.Undervisninga er i hovudsak nettbasert, med \u00e9i...<\/p>\r\n                \r\n\r\n                \r\n                    <a href=\"https:\/\/studiesenterkysten.no\/index.php\/2025\/11\/03\/nettbasert-vidareutdanning-i-fornybare-energiressursar-og-energisystem\/\" target=\"_self\" class=\"mp-post-btn link1\">Read More<\/a>\r\n        \r\n\r\n                <\/div>\r\n\r\n        <\/div>\r\n                                <\/div>\r\n                                                            <div class=\"swiper-slide no-load\">\r\n                                            <div class=\"mgp-card mg-card mg-shadow mgp-card mgp-mb-4\">\r\n                        <div class=\"mp-post-img mp-card-img\">\r\n                <figure>\r\n                    <img loading=\"lazy\" decoding=\"async\" width=\"768\" height=\"644\" src=\"https:\/\/studiesenterkysten.no\/wp-content\/uploads\/2025\/09\/Etter-og-vidareutdanning-SK-768x644.png\" class=\"attachment-medium_large size-medium_large wp-post-image\" alt=\"\" srcset=\"https:\/\/studiesenterkysten.no\/wp-content\/uploads\/2025\/09\/Etter-og-vidareutdanning-SK-768x644.png 768w, https:\/\/studiesenterkysten.no\/wp-content\/uploads\/2025\/09\/Etter-og-vidareutdanning-SK-300x251.png 300w, https:\/\/studiesenterkysten.no\/wp-content\/uploads\/2025\/09\/Etter-og-vidareutdanning-SK-1024x858.png 1024w, https:\/\/studiesenterkysten.no\/wp-content\/uploads\/2025\/09\/Etter-og-vidareutdanning-SK-1536x1288.png 1536w, https:\/\/studiesenterkysten.no\/wp-content\/uploads\/2025\/09\/Etter-og-vidareutdanning-SK-2048x1717.png 2048w\" sizes=\"(max-width: 768px) 100vw, 768px\" \/>                <\/figure>\r\n            <\/div>\r\n                    <div class=\"mg-card-text mgp-card-body\">\r\n                            <div class=\"mppost-cats mpcat-one mp-post-cat\">\r\n\r\n                <i class=\"icon-mp-folder-oe\"><\/i> <a href=\"https:\/\/studiesenterkysten.no\/index.php\/category\/aktuelle-utdanningar\/\">Aktuelle utdanningar<\/a>            <\/div>\r\n        \r\n                            <a class=\"mpp-title-link mp-post-title\" href=\"https:\/\/studiesenterkysten.no\/index.php\/2025\/09\/30\/ta-etter-og-vidareutdanning-ved-fagskulen-med-full-lon\/\">\r\n                <h4 class=\"mgp-ptitle\">Ta etter- og vidareutdanning ved&hellip;<\/h4>            <\/a>\r\n                                <div class=\"mp-meta bottom-meta mgp-mb-2\">\r\n            <span class=\"byline\"> <i class=\"icon-mp-user-c\"><\/i> <span class=\"author vcard\"><a class=\"url fn n\" href=\"https:\/\/studiesenterkysten.no\/author\/andrea\/\">andrea<\/a><\/span><\/span><span class=\"mp-posts-date\"><i class=\"icon-mp-clock\"><\/i> september 30, 2025<\/span>        <\/div>\r\n                                        <p>Studiesenter Kysten etablerer og vidareformidlar kurs og utdanningar det er behov for i v\u00e5r region, og vi tilbyr fullt utstyrte...<\/p>\r\n                \r\n\r\n                \r\n                    <a href=\"https:\/\/studiesenterkysten.no\/index.php\/2025\/09\/30\/ta-etter-og-vidareutdanning-ved-fagskulen-med-full-lon\/\" target=\"_self\" class=\"mp-post-btn link1\">Read More<\/a>\r\n        \r\n\r\n                <\/div>\r\n\r\n        <\/div>\r\n                                <\/div>\r\n                                                    <\/div>\r\n                                                    <div class=\"swiper-pagination mgpcar-btn\"><\/div>\r\n                        \r\n                        \r\n                    <\/div>\r\n                <\/div>\r\n                    <\/div>\r\n    \t\t\t\t<\/div>\n\t\t\t\t<\/div>\n\t\t\t\t\t<\/div>\n\t\t\t\t<\/div>\n\t\t<div class=\"elementor-element elementor-element-4fa8e65 e-flex e-con-boxed e-con e-parent\" data-id=\"4fa8e65\" data-element_type=\"container\" data-e-type=\"container\" data-settings=\"{&quot;_ha_eqh_enable&quot;:false}\">\n\t\t\t\t\t<div class=\"e-con-inner\">\n\t\t<div class=\"elementor-element elementor-element-4fe897e e-con-full e-flex e-con e-child\" data-id=\"4fe897e\" data-element_type=\"container\" data-e-type=\"container\" data-settings=\"{&quot;_ha_eqh_enable&quot;:false}\">\n\t\t\t\t<div class=\"elementor-element elementor-element-dd8f9f5 elementor-widget elementor-widget-image\" data-id=\"dd8f9f5\" data-element_type=\"widget\" data-e-type=\"widget\" data-widget_type=\"image.default\">\n\t\t\t\t<div class=\"elementor-widget-container\">\n\t\t\t\t\t\t\t\t\t\t\t\t\t\t\t<img decoding=\"async\" src=\"https:\/\/studiesenterkysten.no\/wp-content\/uploads\/elementor\/thumbs\/8-r8g4l1pa6xkdpmjlefj2fyh671snqlhtaunl62j9m8.png\" title=\"8\" alt=\"8\" loading=\"lazy\" \/>\t\t\t\t\t\t\t\t\t\t\t\t\t\t\t<\/div>\n\t\t\t\t<\/div>\n\t\t\t\t<div class=\"elementor-element elementor-element-7424ed0 elementor-widget elementor-widget-text-editor\" data-id=\"7424ed0\" data-element_type=\"widget\" data-e-type=\"widget\" data-widget_type=\"text-editor.default\">\n\t\t\t\t<div class=\"elementor-widget-container\">\n\t\t\t\t\t\t\t\t\t<p><strong>Aktuelle utdanningar:<\/strong><\/p><p><a href=\"https:\/\/www.hvl.no\/studier\/studieprogram\/industriell-robotikk-og-pls\/\" target=\"_blank\" rel=\"noopener\">Vidareutdanning i industriell robotikk og PLS<\/a><\/p><p><a href=\"https:\/\/www.hvl.no\/studier\/studieprogram\/spesialpedagogikk-1-10-trinn\/\" target=\"_blank\" rel=\"noopener\">Vidareutdanning i spesialpedagogikk 1.- 10.trinn <\/a><\/p><p><a href=\"https:\/\/www.hvl.no\/studier\/studieprogram\/kunstig-intelligens-og-programmering\/\" target=\"_blank\" rel=\"noopener\">Vidareutdanning i kunstig intelligens og programmering <\/a><\/p><p><a href=\"https:\/\/www.hvl.no\/studier\/studieprogram\/elektroingenior-forde-deltid\/\" target=\"_blank\" rel=\"noopener\">Bachelor elektroingein\u00f8r deltid<\/a><\/p><p><a href=\"https:\/\/www.hvl.no\/studier\/studieprogram\/sykepleie-deltid\/\" target=\"_blank\" rel=\"noopener\">Bachelor sjukepleie deltid <\/a><\/p>\t\t\t\t\t\t\t\t<\/div>\n\t\t\t\t<\/div>\n\t\t\t\t<\/div>\n\t\t<div class=\"elementor-element elementor-element-f4b23c3 e-con-full e-flex e-con e-child\" data-id=\"f4b23c3\" data-element_type=\"container\" data-e-type=\"container\" data-settings=\"{&quot;_ha_eqh_enable&quot;:false}\">\n\t\t\t\t<div class=\"elementor-element elementor-element-d1d4c1f elementor-widget elementor-widget-image\" data-id=\"d1d4c1f\" data-element_type=\"widget\" data-e-type=\"widget\" data-widget_type=\"image.default\">\n\t\t\t\t<div class=\"elementor-widget-container\">\n\t\t\t\t\t\t\t\t\t\t\t\t\t\t\t<img decoding=\"async\" src=\"https:\/\/studiesenterkysten.no\/wp-content\/uploads\/elementor\/thumbs\/4-r8g4krd23r685wym2t266j33nt7mdxcrlfh8w0ylio.png\" title=\"4\" alt=\"4\" loading=\"lazy\" \/>\t\t\t\t\t\t\t\t\t\t\t\t\t\t\t<\/div>\n\t\t\t\t<\/div>\n\t\t\t\t<div class=\"elementor-element elementor-element-7653b92 elementor-widget elementor-widget-text-editor\" data-id=\"7653b92\" data-element_type=\"widget\" data-e-type=\"widget\" data-widget_type=\"text-editor.default\">\n\t\t\t\t<div class=\"elementor-widget-container\">\n\t\t\t\t\t\t\t\t\t<p><strong>Aktuelle utdanningar:<\/strong><\/p><p><a href=\"https:\/\/www4.uib.no\/studier\/nettstudier-og-videreutdanning\/natur-og-realfag\/klima-miljo-og-energi-mikroemner-pa-nett\" target=\"_blank\" rel=\"noopener\">Klima, milj\u00f8 og energi \u2013 mikroemner p\u00e5 nett (2,5 studiepoeng)<\/a><\/p><p><a href=\"https:\/\/www4.uib.no\/studier\/nettstudier-og-videreutdanning\/natur-og-realfag\/perspektiver-pa-energiomstillingen-deltid\" target=\"_blank\" rel=\"noopener\">Perspektiver p\u00e5 energiomstillingen (10 studiepoeng)<\/a><\/p><p><a href=\"https:\/\/www4.uib.no\/studier\/nettstudier-og-videreutdanning\/helse-og-psykologi\/personelloppfolging-etter-kritiske-hendelser-deltid\" target=\"_blank\" rel=\"noopener\">Personelloppf\u00f8lging etter kritiske hendelser (15 studiepoeng)<\/a><\/p><p><a href=\"https:\/\/www4.uib.no\/studier\/nettstudier-og-videreutdanning\/teknologi-og-digitalisering\/digital-kompetanse-pabygningsemner\" target=\"_blank\" rel=\"noopener\">Digital kompetanse &#8211; p\u00e5bygningsemner (2,5 studiepoeng)<\/a><\/p><p><a href=\"https:\/\/www4.uib.no\/studier\/nettstudier-og-videreutdanning\/samfunn-og-politikk\/strategisk-samfunnsplanlegging\" target=\"_blank\" rel=\"noopener\">Strategisk samfunnsplanlegging (15 studiepoeng)<\/a><\/p>\t\t\t\t\t\t\t\t<\/div>\n\t\t\t\t<\/div>\n\t\t\t\t<\/div>\n\t\t<div class=\"elementor-element elementor-element-fa4bca6 e-con-full e-flex e-con e-child\" data-id=\"fa4bca6\" data-element_type=\"container\" data-e-type=\"container\" data-settings=\"{&quot;_ha_eqh_enable&quot;:false}\">\n\t\t\t\t<div class=\"elementor-element elementor-element-549f4b2 elementor-widget elementor-widget-image\" data-id=\"549f4b2\" data-element_type=\"widget\" data-e-type=\"widget\" data-widget_type=\"image.default\">\n\t\t\t\t<div class=\"elementor-widget-container\">\n\t\t\t\t\t\t\t\t\t\t\t\t\t\t\t<img decoding=\"async\" src=\"https:\/\/studiesenterkysten.no\/wp-content\/uploads\/elementor\/thumbs\/6-r8g4kv4ev3bdgct5guoogi4y1cp38proxy36t4t0ts.png\" title=\"6\" alt=\"6\" loading=\"lazy\" \/>\t\t\t\t\t\t\t\t\t\t\t\t\t\t\t<\/div>\n\t\t\t\t<\/div>\n\t\t\t\t<div class=\"elementor-element elementor-element-f83e28d elementor-widget elementor-widget-text-editor\" data-id=\"f83e28d\" data-element_type=\"widget\" data-e-type=\"widget\" data-widget_type=\"text-editor.default\">\n\t\t\t\t<div class=\"elementor-widget-container\">\n\t\t\t\t\t\t\t\t\t<p><strong>Aktuelle utdanningar:<\/strong><\/p><p><a href=\"https:\/\/www.fagskulen.no\/utdanning\/elkraft-og-automatisering\/innforing-i-solenergi-energilagring-og-aktuelle-regelverk\/\" target=\"_blank\" rel=\"noopener\">Innf\u00f8ring i solenergi, energilagring og aktuelle regelverk &#8211; modul (5stp) &#8211; frist 25. mars<\/a><\/p><p><a href=\"https:\/\/www.fagskulen.no\/utdanning\/bygg-og-anlegg\/energieffektivisering-og-automasjon-i-bygg2\/\" target=\"_blank\" rel=\"noopener\">Energieffektivisering og automasjon i bygg &#8211; frist: 15. april<\/a><\/p><p><a href=\"https:\/\/www.fagskulen.no\/utdanning\/bygg-og-anlegg\/ombrukskartlegging-med-tilstandsanalyse\/\" target=\"_blank\" rel=\"noopener\">Ombrukskartlegging med tilstandsanalyse &#8211; modul (5stp) &#8211; frist\u00a020. mars<\/a><\/p><p><a href=\"https:\/\/www.fagskulen.no\/utdanning\/helse-og-oppvekst\/teamleiarrolla-i-praksis\/\" target=\"_blank\" rel=\"noopener\">Teamleiarrolla i praksis &#8211; modul (5 stp) &#8211;\u00a0frist: 6. april<\/a><\/p>\t\t\t\t\t\t\t\t<\/div>\n\t\t\t\t<\/div>\n\t\t\t\t<\/div>\n\t\t\t\t\t<\/div>\n\t\t\t\t<\/div>\n\t\t<div class=\"elementor-element elementor-element-7038762 e-flex e-con-boxed e-con e-parent\" data-id=\"7038762\" data-element_type=\"container\" data-e-type=\"container\" data-settings=\"{&quot;_ha_eqh_enable&quot;:false}\">\n\t\t\t\t\t<div class=\"e-con-inner\">\n\t\t\t\t<div class=\"elementor-element elementor-element-f7520ae elementor-widget elementor-widget-spacer\" data-id=\"f7520ae\" data-element_type=\"widget\" data-e-type=\"widget\" data-widget_type=\"spacer.default\">\n\t\t\t\t<div class=\"elementor-widget-container\">\n\t\t\t\t\t\t\t<div class=\"elementor-spacer\">\n\t\t\t<div class=\"elementor-spacer-inner\"><\/div>\n\t\t<\/div>\n\t\t\t\t\t\t<\/div>\n\t\t\t\t<\/div>\n\t\t\t\t\t<\/div>\n\t\t\t\t<\/div>\n\t\t\t\t<\/div>\n\t\t","protected":false},"excerpt":{"rendered":"<p>Aktuelle kurs og utdanningar Aktuelle utdanningar Prekvalifisering til sjukepleiarutdanninga andrea mars 11, 2026 Har du eller nokon av dine kollegaer tenkt p\u00e5 sjukepleiarutdanninga, men tenkt at du manglar fleire av<\/p>\n","protected":false},"author":2,"featured_media":0,"parent":0,"menu_order":0,"comment_status":"closed","ping_status":"closed","template":"","meta":{"footnotes":""},"class_list":["post-2282","page","type-page","status-publish","hentry"],"_links":{"self":[{"href":"https:\/\/studiesenterkysten.no\/index.php\/wp-json\/wp\/v2\/pages\/2282","targetHints":{"allow":["GET"]}}],"collection":[{"href":"https:\/\/studiesenterkysten.no\/index.php\/wp-json\/wp\/v2\/pages"}],"about":[{"href":"https:\/\/studiesenterkysten.no\/index.php\/wp-json\/wp\/v2\/types\/page"}],"author":[{"embeddable":true,"href":"https:\/\/studiesenterkysten.no\/index.php\/wp-json\/wp\/v2\/users\/2"}],"replies":[{"embeddable":true,"href":"https:\/\/studiesenterkysten.no\/index.php\/wp-json\/wp\/v2\/comments?post=2282"}],"version-history":[{"count":43,"href":"https:\/\/studiesenterkysten.no\/index.php\/wp-json\/wp\/v2\/pages\/2282\/revisions"}],"predecessor-version":[{"id":2483,"href":"https:\/\/studiesenterkysten.no\/index.php\/wp-json\/wp\/v2\/pages\/2282\/revisions\/2483"}],"wp:attachment":[{"href":"https:\/\/studiesenterkysten.no\/index.php\/wp-json\/wp\/v2\/media?parent=2282"}],"curies":[{"name":"wp","href":"https:\/\/api.w.org\/{rel}","templated":true}]}}